{"id":3285,"date":"2024-02-09T11:52:12","date_gmt":"2024-02-09T10:52:12","guid":{"rendered":"https:\/\/webnova.casaros.es\/avis-legal\/"},"modified":"2024-02-23T11:36:44","modified_gmt":"2024-02-23T10:36:44","slug":"avis-legal","status":"publish","type":"page","link":"https:\/\/www.casaros.es\/fr\/avis-legal\/","title":{"rendered":"Av\u00eds Legal"},"content":{"rendered":"<div class=\"fusion-fullwidth fullwidth-box fusion-builder-row-1 fusion-flex-container nonhundred-percent-fullwidth non-hundred-percent-height-scrolling\" style=\"--awb-border-radius-top-left:0px;--awb-border-radius-top-right:0px;--awb-border-radius-bottom-right:0px;--awb-border-radius-bottom-left:0px;--awb-flex-wrap:wrap;\" ><div class=\"fusion-builder-row fusion-row fusion-flex-align-items-flex-start fusion-flex-content-wrap\" style=\"max-width:1248px;margin-left: calc(-4% \/ 2 );margin-right: calc(-4% \/ 2 );\"><div class=\"fusion-layout-column fusion_builder_column fusion-builder-column-0 fusion_builder_column_1_1 1_1 fusion-flex-column\" style=\"--awb-bg-size:cover;--awb-width-large:100%;--awb-margin-top-large:0px;--awb-spacing-right-large:1.92%;--awb-margin-bottom-large:0px;--awb-spacing-left-large:1.92%;--awb-width-medium:100%;--awb-spacing-right-medium:1.92%;--awb-spacing-left-medium:1.92%;--awb-width-small:100%;--awb-spacing-right-small:1.92%;--awb-spacing-left-small:1.92%;\"><div class=\"fusion-column-wrapper fusion-flex-justify-content-flex-start fusion-content-layout-column\"><div class=\"fusion-text fusion-text-1\"><div>\n<div>\n<h2 style=\"text-align: center; --fontSize: 50; line-height: 1.28;\" data-fontsize=\"50\" data-lineheight=\"64px\" class=\"fusion-responsive-typography-calculated\"><font style=\"vertical-align: inherit;\"><font style=\"vertical-align: inherit;\">MENTIONS L\u00c9GALES ET CONDITIONS D\u2019UTILISATION DU PORTAIL<\/font><\/font><\/h2>\n<\/div>\n<div>\n<p style=\"text-align:\" \"left\"=\"\"><strong><font style=\"vertical-align: inherit;\"><font style=\"vertical-align: inherit;\">Afin de respecter l\u2019article 10 de la loi 34\/2002 sur les services de la soci\u00e9t\u00e9 de l\u2019information et le commerce \u00e9lectronique, nous informons les utilisateurs de nos donn\u00e9es :<\/font><\/font><\/strong><\/p>\n<p style=\"text-align:\" \"left\"=\"\"><font style=\"vertical-align: inherit;\"><font style=\"vertical-align: inherit;\"><font style=\"vertical-align: inherit;\"><font style=\"vertical-align: inherit;\">Nom commercial&nbsp;: <\/font><\/font><\/font><\/font><b><font style=\"vertical-align: inherit;\"><font style=\"vertical-align: inherit;\"><font style=\"vertical-align: inherit;\"><font style=\"vertical-align: inherit;\">Josep Mirada Cortasa<\/font><\/font><\/font><\/font><\/b><\/p>\n<p style=\"text-align:\" \"left\"=\"\"><font style=\"vertical-align: inherit;\"><font style=\"vertical-align: inherit;\"><font style=\"vertical-align: inherit;\"><font style=\"vertical-align: inherit;\">Adresse : <\/font><\/font><\/font><\/font><b><font style=\"vertical-align: inherit;\"><font style=\"vertical-align: inherit;\"><font style=\"vertical-align: inherit;\"><font style=\"vertical-align: inherit;\">C\/Raval s\/n, 25692 Agull\u00f3, Lleida (Espagne)<\/font><\/font><\/font><\/font><\/b><\/p>\n<p style=\"text-align:\" \"left\"=\"\"><font style=\"vertical-align: inherit;\"><font style=\"vertical-align: inherit;\"><font style=\"vertical-align: inherit;\"><font style=\"vertical-align: inherit;\">CIF : <\/font><\/font><\/font><\/font><b><font style=\"vertical-align: inherit;\"><font style=\"vertical-align: inherit;\"><font style=\"vertical-align: inherit;\"><font style=\"vertical-align: inherit;\">78067097Z<\/font><\/font><\/font><\/font><\/b><\/p>\n<p style=\"text-align:\" \"left\"=\"\"><font style=\"vertical-align: inherit;\"><font style=\"vertical-align: inherit;\">T\u00e9l\u00e9phone : <\/font><\/font><b><font style=\"vertical-align: inherit;\"><font style=\"vertical-align: inherit;\">(+34) 973 455 138<\/font><\/font><\/b> <\/p>\n<p style=\"text-align:\" \"left\"=\"\"><font style=\"vertical-align: inherit;\"><font style=\"vertical-align: inherit;\">Courriel : <\/font><\/font><b><font style=\"vertical-align: inherit;\"><font style=\"vertical-align: inherit;\">info@casaros.es<\/font><\/font><\/b><\/p>\n<p style=\"text-align:\" \"left\"=\"\"><font style=\"vertical-align: inherit;\"><font style=\"vertical-align: inherit;\"><font style=\"vertical-align: inherit;\"><font style=\"vertical-align: inherit;\">Site Web : <\/font><\/font><\/font><\/font><b><font style=\"vertical-align: inherit;\"><font style=\"vertical-align: inherit;\"><font style=\"vertical-align: inherit;\"><font style=\"vertical-align: inherit;\">WWW.CASAROS.ES<\/font><\/font><\/font><\/font><\/b><\/p>\n<p style=\"text-align:\" \"left\"=\"\"><font style=\"vertical-align: inherit;\"><font style=\"vertical-align: inherit;\">Donn\u00e9es du registre :&nbsp;:<\/font><\/font><\/p>\n<p style=\"text-align:\" \"left\"=\"\"><font style=\"vertical-align: inherit;\"><font style=\"vertical-align: inherit;\">Activit\u00e9 r\u00e9glement\u00e9e&nbsp;:<\/font><\/font><\/p>\n<\/div>\n<div>\n<h3 style=\"--fontSize: 25; line-height: 1.36;\" \"left\"=\"\" data-fontsize=\"25\" data-lineheight=\"34px\" class=\"fusion-responsive-typography-calculated\"><b><font style=\"vertical-align: inherit;\"><font style=\"vertical-align: inherit;\">1. OBJET<\/font><\/font><\/b><\/h3>\n<p style=\"text-align:\" \"left\"=\"\"><b><font style=\"vertical-align: inherit;\"><font style=\"vertical-align: inherit;\">Josep Mirada Cortasa<\/font><\/font><\/b><font style=\"vertical-align: inherit;\"><font style=\"vertical-align: inherit;\"> (ci-apr\u00e8s \u00e9galement le pr\u00eateur), en tant que responsable du site Web, met \u00e0 la disposition des utilisateurs ce document qui r\u00e9git l\u2019utilisation du site Web <\/font><\/font><b><font style=\"vertical-align: inherit;\"><font style=\"vertical-align: inherit;\">WWW.CASAROS.ES<\/font><\/font><\/b><font style=\"vertical-align: inherit;\"><font style=\"vertical-align: inherit;\"> , avec lequel nous entendons respecter les obligations qui lui incombent. Loi 34\/ 2002, sur les services de la soci\u00e9t\u00e9 de l\u2019information et le commerce \u00e9lectronique (LSSICE ou LSSI), ainsi que d\u2019informer tous les utilisateurs du site Internet des conditions d\u2019utilisation du site Internet.<\/font><\/font><\/p>\n<p style=\"text-align:\" \"left\"=\"\"><font style=\"vertical-align: inherit;\"><font style=\"vertical-align: inherit;\">Gr\u00e2ce au Web, <\/font><\/font><b><font style=\"vertical-align: inherit;\"><font style=\"vertical-align: inherit;\">Josep Mirada Cortasa<\/font><\/font><\/b><font style=\"vertical-align: inherit;\"><font style=\"vertical-align: inherit;\"> offre aux utilisateurs l\u2019acc\u00e8s et l\u2019utilisation de diff\u00e9rents services et contenus mis \u00e0 disposition sur le Web.<\/font><\/font><\/p>\n<p style=\"text-align:\" \"left\"=\"\"><font style=\"vertical-align: inherit;\"><font style=\"vertical-align: inherit;\">Toute personne qui acc\u00e8de \u00e0 ce site Web assume la qualit\u00e9 d\u2019utilisateur (ci-apr\u00e8s l\u2019utilisateur) et implique l\u2019acceptation pleine et sans r\u00e9serve de chacune des dispositions incluses dans le pr\u00e9sent avis l\u00e9gal, ainsi que de toute autre disposition l\u00e9gale qui pourrait \u00eatre applicable.<\/font><\/font><\/p>\n<p style=\"text-align:\" \"left\"=\"\"><font style=\"vertical-align: inherit;\"><font style=\"vertical-align: inherit;\">En tant qu\u2019utilisateurs, vous devez lire attentivement cet avis juridique \u00e0 chaque fois que vous acc\u00e9dez au site Web, car il peut \u00eatre modifi\u00e9 puisque le pr\u00eateur se r\u00e9serve le droit de modifier tout type d\u2019information qui peut appara\u00eetre sur le site Web, sans qu\u2019il existe une obligation de notification ou informer les utilisateurs de ces obligations, la publication sur le site Internet du pr\u00eateur \u00e9tant suffisante.<\/font><\/font><\/p>\n<\/div>\n<div>\n<h3 style=\"--fontSize: 25; line-height: 1.36;\" \"left\"=\"\" data-fontsize=\"25\" data-lineheight=\"34px\" class=\"fusion-responsive-typography-calculated\"><b><font style=\"vertical-align: inherit;\"><font style=\"vertical-align: inherit;\">2. CONDITIONS D\u2019ACC\u00c8S ET D\u2019UTILISATION DU SITE WEB.<\/font><\/font><\/b><\/h3>\n<h4 style=\"--fontSize: 24; line-height: 1.46;\" \"left\"=\"\" data-fontsize=\"24\" data-lineheight=\"35.04px\" class=\"fusion-responsive-typography-calculated\"><b><font style=\"vertical-align: inherit;\"><font style=\"vertical-align: inherit;\">2.1. <\/font><font style=\"vertical-align: inherit;\">Caract\u00e8re gratuit de l\u2019acc\u00e8s et de l\u2019utilisation du site Internet.<\/font><\/font><\/b><\/h4>\n<p style=\"text-align:\" \"left\"=\"\"><font style=\"vertical-align: inherit;\"><font style=\"vertical-align: inherit;\">La prestation de services par <\/font><\/font><b><font style=\"vertical-align: inherit;\"><font style=\"vertical-align: inherit;\">Josep Mirada Cortasa<\/font><\/font><\/b><font style=\"vertical-align: inherit;\"><font style=\"vertical-align: inherit;\"> est gratuite pour tous les Utilisateurs. <\/font><font style=\"vertical-align: inherit;\">Toutefois, certaines prestations fournies par le pr\u00eateur ou par des tiers via le Site Internet sont soumises au paiement d\u2019un prix d\u00e9termin\u00e9 par les conditions g\u00e9n\u00e9rales de vente.<\/font><\/font><\/p>\n<h4 style=\"--fontSize: 24; line-height: 1.46;\" \"left\"=\"\" data-fontsize=\"24\" data-lineheight=\"35.04px\" class=\"fusion-responsive-typography-calculated\"><b><font style=\"vertical-align: inherit;\"><font style=\"vertical-align: inherit;\">2.2. <\/font><font style=\"vertical-align: inherit;\">Registre des utilisateurs.<\/font><\/font><\/b><\/h4>\n<p style=\"text-align:\" \"left\"=\"\"><font style=\"vertical-align: inherit;\"><font style=\"vertical-align: inherit;\">D\u2019une mani\u00e8re g\u00e9n\u00e9rale, la fourniture des Services ne n\u00e9cessite pas d\u2019abonnement ni d\u2019enregistrement pr\u00e9alable des Utilisateurs. <\/font><font style=\"vertical-align: inherit;\">Cependant, <\/font><\/font><b><u><b><font style=\"vertical-align: inherit;\"><font style=\"vertical-align: inherit;\">Josep Mirada Cortasa<\/font><\/font><\/b><font style=\"vertical-align: inherit;\"><font style=\"vertical-align: inherit;\"> . <\/font><\/font><\/u><\/b><font style=\"vertical-align: inherit;\"><font style=\"vertical-align: inherit;\">conditionne l&rsquo;utilisation de certains services \u00e0 la r\u00e9alisation pr\u00e9alable de l&rsquo;inscription de l&rsquo;Utilisateur correspondante. <\/font><font style=\"vertical-align: inherit;\">Cette inscription s&rsquo;effectuera de la mani\u00e8re express\u00e9ment indiqu\u00e9e dans la rubrique service elle-m\u00eame.<\/font><\/font><\/p>\n<h4 style=\"--fontSize: 24; line-height: 1.46;\" \"left\"=\"\" data-fontsize=\"24\" data-lineheight=\"35.04px\" class=\"fusion-responsive-typography-calculated\"><b><font style=\"vertical-align: inherit;\"><font style=\"vertical-align: inherit;\">23. <\/font><font style=\"vertical-align: inherit;\">V\u00e9racit\u00e9 des informations.<\/font><\/font><\/b><\/h4>\n<p style=\"text-align:\" \"left\"=\"\"><font style=\"vertical-align: inherit;\"><font style=\"vertical-align: inherit;\">Toutes les informations fournies par l&rsquo;Utilisateur doivent \u00eatre v\u00e9ridiques. <\/font><font style=\"vertical-align: inherit;\">A ces fins, l&rsquo;Utilisateur garantit l&rsquo;authenticit\u00e9 des donn\u00e9es communiqu\u00e9es au travers des formulaires de souscription aux Services. <\/font><font style=\"vertical-align: inherit;\">Il appartiendra \u00e0 l&rsquo;Utilisateur de maintenir \u00e0 jour en permanence toutes les informations fournies \u00e0 <\/font><\/font><b><font style=\"vertical-align: inherit;\"><font style=\"vertical-align: inherit;\">Josep Mirada Cortasa<\/font><\/font><\/b><font style=\"vertical-align: inherit;\"><font style=\"vertical-align: inherit;\"> afin qu&rsquo;elles r\u00e9pondent, \u00e0 tout moment, \u00e0 sa situation r\u00e9elle. <\/font><font style=\"vertical-align: inherit;\">Dans tous les cas, l&rsquo;Utilisateur sera seul responsable des d\u00e9clarations fausses ou inexactes faites et de tout dommage caus\u00e9 au pr\u00eateur ou \u00e0 des tiers.<\/font><\/font><\/p>\n<h4 style=\"--fontSize: 24; line-height: 1.46;\" \"left\"=\"\" data-fontsize=\"24\" data-lineheight=\"35.04px\" class=\"fusion-responsive-typography-calculated\"><b><font style=\"vertical-align: inherit;\"><font style=\"vertical-align: inherit;\">2.4. <\/font><font style=\"vertical-align: inherit;\">Mineurs.<\/font><\/font><\/b><\/h4>\n<p style=\"text-align:\" \"left\"=\"\"><font style=\"vertical-align: inherit;\"><font style=\"vertical-align: inherit;\">Pour utiliser les services, les mineurs doivent toujours obtenir le consentement pr\u00e9alable des parents, tuteurs ou repr\u00e9sentants l\u00e9gaux, qui sont en dernier ressort responsables de tous les actes accomplis par les mineurs dont ils ont la garde. <\/font><font style=\"vertical-align: inherit;\">La responsabilit\u00e9 de d\u00e9terminer les contenus sp\u00e9cifiques auxquels les mineurs acc\u00e8dent leur revient, donc s&rsquo;ils acc\u00e8dent \u00e0 des contenus inappropri\u00e9s sur Internet, des m\u00e9canismes doivent \u00eatre \u00e9tablis sur leurs ordinateurs, notamment des programmes informatiques, des filtres et des blocages, qui permettent de limiter les contenus disponibles et, bien que ils ne sont pas infaillibles, ils sont particuli\u00e8rement utiles pour contr\u00f4ler et restreindre les mat\u00e9riels auxquels les mineurs peuvent acc\u00e9der.<\/font><\/font><\/p>\n<h4 style=\"--fontSize: 24; line-height: 1.46;\" \"left\"=\"\" data-fontsize=\"24\" data-lineheight=\"35.04px\" class=\"fusion-responsive-typography-calculated\"><b><font style=\"vertical-align: inherit;\"><font style=\"vertical-align: inherit;\">2.5. <\/font><font style=\"vertical-align: inherit;\">Obligation de faire un usage correct du Web.<\/font><\/font><\/b><\/h4>\n<p style=\"text-align:\" \"left\"=\"\"><font style=\"vertical-align: inherit;\"><font style=\"vertical-align: inherit;\">L&rsquo;Utilisateur s&rsquo;engage \u00e0 utiliser le Site conform\u00e9ment \u00e0 la Loi et aux pr\u00e9sentes Mentions L\u00e9gales, ainsi qu&rsquo;\u00e0 la morale et aux bonnes m\u0153urs. <\/font><font style=\"vertical-align: inherit;\">\u00c0 cette fin, l&rsquo;Utilisateur s&rsquo;abstiendra d&rsquo;utiliser la page \u00e0 des fins ill\u00e9gales ou interdites, pr\u00e9judiciables aux droits et int\u00e9r\u00eats de tiers, ou qui pourraient de quelque mani\u00e8re que ce soit endommager, d\u00e9sactiver, surcharger, d\u00e9t\u00e9riorer ou emp\u00eacher l&rsquo;utilisation normale de l&rsquo;\u00e9quipement informatique ou documents, fichiers et tous types de contenus stock\u00e9s sur tout \u00e9quipement informatique du prestataire.<\/font><\/font><\/p>\n<p style=\"text-align:\" \"left\"=\"\"><font style=\"vertical-align: inherit;\"><font style=\"vertical-align: inherit;\">Notamment et \u00e0 titre indicatif mais non exhaustif, l&rsquo;Utilisateur s&rsquo;engage \u00e0 ne pas transmettre, diffuser ou mettre \u00e0 disposition de tiers des informations, donn\u00e9es, contenus, messages, graphiques, dessins, fichiers sonores ou images, photographies, enregistrements, logiciels et, dans en g\u00e9n\u00e9ral, tout type de mat\u00e9riel qui&nbsp;:<\/font><\/font><\/p>\n<p style=\"text-align:\" \"left\"=\"\"><font style=\"vertical-align: inherit;\"><font style=\"vertical-align: inherit;\">(a) est contraire, m\u00e9prise ou viole les droits fondamentaux et les libert\u00e9s publiques reconnus constitutionnellement, dans les trait\u00e9s internationaux et autres r\u00e9glementations en vigueur&nbsp;;<\/font><\/font><\/p>\n<p style=\"text-align:\" \"left\"=\"\"><font style=\"vertical-align: inherit;\"><font style=\"vertical-align: inherit;\">(b) induit, incite ou promeut des actions criminelles, d\u00e9nigrantes, diffamatoires, violentes ou, en g\u00e9n\u00e9ral, contraires \u00e0 la loi, aux bonnes m\u0153urs et \u00e0 l&rsquo;ordre public&nbsp;;<\/font><\/font><\/p>\n<p style=\"text-align:\" \"left\"=\"\"><font style=\"vertical-align: inherit;\"><font style=\"vertical-align: inherit;\">(c) induit, incite ou promeut des actions, attitudes ou pens\u00e9es discriminatoires fond\u00e9es sur le sexe, la race, la religion, les croyances, l&rsquo;\u00e2ge ou la condition&nbsp;;<\/font><\/font><\/p>\n<p style=\"text-align:\" \"left\"=\"\"><font style=\"vertical-align: inherit;\"><font style=\"vertical-align: inherit;\">(d) est contraire au droit \u00e0 l&rsquo;honneur, \u00e0 la vie priv\u00e9e ou familiale ou \u00e0 l&rsquo;image d&rsquo;une personne&nbsp;;<\/font><\/font><\/p>\n<p style=\"text-align:\" \"left\"=\"\"><font style=\"vertical-align: inherit;\"><font style=\"vertical-align: inherit;\">(e) porte atteinte de quelque mani\u00e8re que ce soit \u00e0 la cr\u00e9dibilit\u00e9 du pr\u00eateur ou de tiers&nbsp;; <\/font><font style=\"vertical-align: inherit;\">et<\/font><\/font><\/p>\n<p style=\"text-align:\" \"left\"=\"\"><font style=\"vertical-align: inherit;\"><font style=\"vertical-align: inherit;\">(f) constitue une publicit\u00e9 ill\u00e9gale, trompeuse ou d\u00e9loyale.<\/font><\/font><\/p>\n<\/div>\n<div>\n<h3 style=\"--fontSize: 25; line-height: 1.36;\" \"left\"=\"\" data-fontsize=\"25\" data-lineheight=\"34px\" class=\"fusion-responsive-typography-calculated\"><b><font style=\"vertical-align: inherit;\"><font style=\"vertical-align: inherit;\">3.- EXCLUSION DE GARANTIES ET DE RESPONSABILIT\u00c9<\/font><\/font><\/b><\/h3>\n<p style=\"text-align:\" \"left\"=\"\"><font style=\"vertical-align: inherit;\"><font style=\"vertical-align: inherit;\">Le pr\u00eateur est exon\u00e9r\u00e9 de tout type de responsabilit\u00e9 d\u00e9riv\u00e9e des informations publi\u00e9es sur notre site Web, \u00e0 condition que ces informations aient \u00e9t\u00e9 manipul\u00e9es ou introduites par un tiers ind\u00e9pendant.<\/font><\/font><\/p>\n<p style=\"text-align:\" \"left\"=\"\"><font style=\"vertical-align: inherit;\"><font style=\"vertical-align: inherit;\">Ce site Web a \u00e9t\u00e9 r\u00e9vis\u00e9 et test\u00e9 afin de fonctionner correctement. <\/font><font style=\"vertical-align: inherit;\">En principe, le bon fonctionnement peut \u00eatre garanti 365 jours par an, 24 heures sur 24. <\/font><font style=\"vertical-align: inherit;\">Cependant, le pr\u00eateur n&rsquo;exclut pas la possibilit\u00e9 que certaines erreurs de programmation se produisent, ou que des cas de force majeure, des catastrophes naturelles, des gr\u00e8ves ou des circonstances similaires puissent survenir rendant impossible l&rsquo;acc\u00e8s au site Web.<\/font><\/font><\/p>\n<p style=\"text-align:\" \"left\"=\"\"><b><font style=\"vertical-align: inherit;\"><font style=\"vertical-align: inherit;\">Josep Mirada Cortasa<\/font><\/font><\/b><font style=\"vertical-align: inherit;\"><font style=\"vertical-align: inherit;\"> n&rsquo;accorde aucune garantie et n&rsquo;est en aucun cas responsable des dommages de toute nature pouvant d\u00e9couler du manque de disponibilit\u00e9, de maintenance et de fonctionnement efficace du site Web ou de ses services et contenus ; <\/font><font style=\"vertical-align: inherit;\">de l&rsquo;existence de virus, de programmes malveillants ou nuisibles dans les contenus&nbsp;; <\/font><font style=\"vertical-align: inherit;\">d&rsquo;une utilisation illicite, n\u00e9gligente, frauduleuse ou contraire aux pr\u00e9sentes Mentions L\u00e9gales et aux conditions d&rsquo;utilisation ; <\/font><font style=\"vertical-align: inherit;\">ou Le manque de l\u00e9galit\u00e9, de qualit\u00e9, de fiabilit\u00e9, d&rsquo;utilit\u00e9 et de disponibilit\u00e9 des services fournis par des tiers et mis \u00e0 disposition des utilisateurs sur le site Internet.<\/font><\/font><\/p>\n<p style=\"text-align:\" \"left\"=\"\"><font style=\"vertical-align: inherit;\"><font style=\"vertical-align: inherit;\">Le pr\u00eateur n&rsquo;est en aucun cas responsable des dommages pouvant r\u00e9sulter d&rsquo;une utilisation ill\u00e9gale ou inappropri\u00e9e de ce site Web.<\/font><\/font><\/p>\n<h3 style=\"--fontSize: 25; line-height: 1.36;\" \"left\"=\"\" data-fontsize=\"25\" data-lineheight=\"34px\" class=\"fusion-responsive-typography-calculated\"><b><font style=\"vertical-align: inherit;\"><font style=\"vertical-align: inherit;\">4.-COOKIES<\/font><\/font><\/b><\/h3>\n<p style=\"text-align:\" \"left\"=\"\"><font style=\"vertical-align: inherit;\"><font style=\"vertical-align: inherit;\">Le site Internet du pr\u00eateur peut utiliser des cookies (petits fichiers d&rsquo;informations que le serveur envoie \u00e0 l&rsquo;ordinateur de la personne acc\u00e9dant \u00e0 la page) pour r\u00e9aliser certaines fonctions consid\u00e9r\u00e9es comme essentielles au bon fonctionnement et \u00e0 l&rsquo;affichage du site. <\/font><font style=\"vertical-align: inherit;\">Les cookies utilis\u00e9s sont, dans tous les cas, de nature temporaire, dans le seul but de rendre la navigation plus efficace, disparaissant \u00e0 la fin de la session utilisateur.<\/font><\/font><\/p>\n<p style=\"text-align:\" \"left\"=\"\"><font style=\"vertical-align: inherit;\"><font style=\"vertical-align: inherit;\">En aucun cas les cookies ne seront utilis\u00e9s pour collecter des informations personnelles.<\/font><\/font><\/p>\n<p style=\"text-align:\" \"left\"=\"\"><font style=\"vertical-align: inherit;\"><font style=\"vertical-align: inherit;\">Pour plus d&rsquo;informations, consultez notre <\/font><\/font><a href=\"https:\/\/www.casaros.es\/politica-de-cookies\/?v=86705f2ce7e9\"><font style=\"vertical-align: inherit;\"><font style=\"vertical-align: inherit;\">Politique de Cookies<\/font><\/font><\/a><\/p>\n<\/div>\n<div>\n<h3 style=\"--fontSize: 25; line-height: 1.36;\" \"left\"=\"\" data-fontsize=\"25\" data-lineheight=\"34px\" class=\"fusion-responsive-typography-calculated\"><b><font style=\"vertical-align: inherit;\"><font style=\"vertical-align: inherit;\">5.- LIENS<\/font><\/font><\/b><\/h3>\n<p style=\"text-align:\" \"left\"=\"\"><font style=\"vertical-align: inherit;\"><font style=\"vertical-align: inherit;\">\u00c0 partir du site Web, vous pouvez \u00eatre redirig\u00e9 vers du contenu provenant de sites Web tiers. <\/font><font style=\"vertical-align: inherit;\">\u00c9tant donn\u00e9 que nous ne pouvons pas toujours contr\u00f4ler le contenu introduit par des tiers sur le site Web, <\/font><\/font><b><font style=\"vertical-align: inherit;\"><font style=\"vertical-align: inherit;\">Josep Mirada Cortasa<\/font><\/font><\/b><font style=\"vertical-align: inherit;\"><font style=\"vertical-align: inherit;\"> n&rsquo;assume aucune responsabilit\u00e9 concernant ce contenu. <\/font><font style=\"vertical-align: inherit;\">Dans tous les cas, le pr\u00eateur d\u00e9clare qu&rsquo;il proc\u00e9dera au retrait imm\u00e9diat de tout contenu susceptible de contrevenir \u00e0 la l\u00e9gislation nationale ou internationale, aux bonnes m\u0153urs ou \u00e0 l&rsquo;ordre public, en proc\u00e9dant au retrait imm\u00e9diat de la redirection vers ces sites Web, en informant les autorit\u00e9s comp\u00e9tentes du contenu en question.<\/font><\/font><\/p>\n<p style=\"text-align:\" \"left\"=\"\"><font style=\"vertical-align: inherit;\"><font style=\"vertical-align: inherit;\">Le pr\u00eateur n&rsquo;est pas responsable des informations et des contenus stock\u00e9s, \u00e0 titre d&rsquo;exemple mais sans s&rsquo;y limiter, dans les forums, chats, g\u00e9n\u00e9rateurs de blogs, commentaires, r\u00e9seaux sociaux ou tout autre moyen permettant \u00e0 des tiers de publier du contenu de mani\u00e8re ind\u00e9pendante sur le site Internet du pr\u00eateur. pr\u00eateur. <\/font><font style=\"vertical-align: inherit;\">Toutefois, et conform\u00e9ment aux dispositions de l&rsquo;art. <\/font><font style=\"vertical-align: inherit;\">11 et 16 de la LSSICE, le pr\u00eateur se met \u00e0 la disposition de tous les utilisateurs, autorit\u00e9s et forces de s\u00e9curit\u00e9, et collabore activement au retrait ou, le cas \u00e9ch\u00e9ant, au blocage de tout contenu susceptible d&rsquo;affecter ou de contrevenir \u00e0 la l\u00e9gislation nationale ou internationale, de tiers. droits ou moralit\u00e9 et ordre public. <\/font><font style=\"vertical-align: inherit;\">Dans le cas o\u00f9 l&rsquo;utilisateur estime qu&rsquo;il peut y avoir certains contenus susceptibles d&rsquo;\u00eatre soumis \u00e0 cette classification,<\/font><\/font><\/p>\n<h3 style=\"--fontSize: 25; line-height: 1.36;\" \"left\"=\"\" data-fontsize=\"25\" data-lineheight=\"34px\" class=\"fusion-responsive-typography-calculated\"><b><font style=\"vertical-align: inherit;\"><font style=\"vertical-align: inherit;\">6.- PROTECTION DES DONN\u00c9ES PERSONNELLES<\/font><\/font><\/b><\/h3>\n<p style=\"text-align:\" \"left\"=\"\"><font style=\"vertical-align: inherit;\"><font style=\"vertical-align: inherit;\">Le pr\u00eateur est profond\u00e9ment engag\u00e9 dans le respect de la r\u00e9glementation sur la protection des donn\u00e9es personnelles et garantit le plein respect des obligations \u00e9tablies, ainsi que la mise en \u0153uvre des mesures de s\u00e9curit\u00e9 pr\u00e9vues dans le r\u00e8glement europ\u00e9en sur la protection des donn\u00e9es et dans la r\u00e9glementation espagnole sur la protection des donn\u00e9es.<\/font><\/font><\/p>\n<p style=\"text-align:\" \"left\"=\"\"><font style=\"vertical-align: inherit;\"><font style=\"vertical-align: inherit;\">Pour plus d&rsquo;informations, consultez notre   <\/font><\/font><a href=\"\/<u>es\/LINK-politica-de-privadesa<\/u>\/\u00bb>Pol\u00edtica de Privadesa.<\/a><\/p>\n<\/div>\n<div>\n<h3 style= text-align: ?v=86705f2ce7e9\" left\"=\"\"><b><font style=\"vertical-align: inherit;\"><font style=\"vertical-align: inherit;\">7. R\u00c9SEAUX SOCIAUX<\/font><\/font><\/b><br \/>\n<\/a><\/p>\n<p style=\"text-align:\" \"left\"=\"\"><a href=\"\/<u>es\/LINK-politica-de-privadesa<\/u>\/\u00bb>Pol\u00edtica de Privadesa.<\/a><\/p>\n<\/div>\n<div>\n<h3 style= text-align: ?v=86705f2ce7e9\" left\"=\"\"><font style=\"vertical-align: inherit;\"><font style=\"vertical-align: inherit;\">Nous vous informons que <\/font><\/font><b><font style=\"vertical-align: inherit;\"><font style=\"vertical-align: inherit;\">Josep Mirada Cortasa<\/font><\/font><\/b><font style=\"vertical-align: inherit;\"><font style=\"vertical-align: inherit;\"> peut \u00eatre pr\u00e9sent sur les r\u00e9seaux sociaux. <\/font><font style=\"vertical-align: inherit;\">Le traitement des donn\u00e9es que les utilisateurs y incluront [devenant abonn\u00e9s du pr\u00eateur sur les r\u00e9seaux sociaux (et\/ou effectuant toute action de lien ou de connexion \u00e0 travers eux)] sera r\u00e9gi par cette section, ainsi que par les conditions d&rsquo;utilisation, politiques et r\u00e9glementations de confidentialit\u00e9 pour l&rsquo;acc\u00e8s et l&rsquo;utilisation des r\u00e9seaux sociaux en question et pr\u00e9alablement accept\u00e9es par l&rsquo;utilisateur. <\/font><\/font><b><font style=\"vertical-align: inherit;\"><font style=\"vertical-align: inherit;\">Josep Mirada Cortasa<\/font><\/font><\/b><font style=\"vertical-align: inherit;\"><font style=\"vertical-align: inherit;\"> traitera vos donn\u00e9es afin de vous informer des activit\u00e9s, produits ou services du pr\u00eateur \u00e0 travers ces r\u00e9seaux sociaux, ainsi que pour toute autre finalit\u00e9 permise par la r\u00e9glementation des r\u00e9seaux sociaux, mais il ne sera pas responsable de leur Les politiques de confidentialit\u00e9.<\/font><\/font><\/a><\/p>\n<p><a href=\"\/<u>es\/LINK-politica-de-privadesa<\/u>\/\u00bb>Pol\u00edtica de Privadesa.<\/a><\/p>\n<\/div>\n<div>\n<h3 style= text-align: ?v=86705f2ce7e9\" left\"=\"\">\n<\/a><\/p>\n<p style=\"text-align:\" \"left\"=\"\"><a href=\"\/<u>es\/LINK-politica-de-privadesa<\/u>\/\u00bb>Pol\u00edtica de Privadesa.<\/a><\/p>\n<\/div>\n<div>\n<h3 style= text-align: ?v=86705f2ce7e9\" left\"=\"\"><font style=\"vertical-align: inherit;\"><font style=\"vertical-align: inherit;\">La publication de contenus est interdite :<\/font><\/font><\/a><\/p>\n<p><a href=\"\/<u>es\/LINK-politica-de-privadesa<\/u>\/\u00bb>Pol\u00edtica de Privadesa.<\/a><\/p>\n<\/div>\n<div>\n<h3 style= text-align: ?v=86705f2ce7e9\" left\"=\"\">\n<ul>\n<li><font style=\"vertical-align: inherit;\"><font style=\"vertical-align: inherit;\">Qui sont pr\u00e9tendument illicites au regard des r\u00e9glementations nationales, communautaires ou internationales ou qui m\u00e8nent des activit\u00e9s pr\u00e9tendument illicites ou contreviennent aux principes de bonne foi.<\/font><\/font><\/li>\n<li><font style=\"vertical-align: inherit;\"><font style=\"vertical-align: inherit;\">Cela viole les droits fondamentaux des personnes, manque de courtoisie sur Internet, g\u00eane ou peut g\u00e9n\u00e9rer des opinions n\u00e9gatives envers nos utilisateurs ou des tiers et g\u00e9n\u00e9ralement tout contenu que <\/font><\/font><b><font style=\"vertical-align: inherit;\"><font style=\"vertical-align: inherit;\">Josep Mirada Cortasa<\/font><\/font><\/b><font style=\"vertical-align: inherit;\"><font style=\"vertical-align: inherit;\"> consid\u00e8re comme inappropri\u00e9.<\/font><\/font><\/li>\n<li><font style=\"vertical-align: inherit;\"><font style=\"vertical-align: inherit;\">Et d\u2019une mani\u00e8re g\u00e9n\u00e9rale, ils contreviennent aux principes de l\u00e9galit\u00e9, d\u2019honorabilit\u00e9, de responsabilit\u00e9, de protection de la dignit\u00e9 humaine, de protection des mineurs, de protection de l\u2019ordre public, de protection de la vie priv\u00e9e, de protection des consommateurs et des droits de propri\u00e9t\u00e9 intellectuelle et industrielle.<\/font><\/font><\/li>\n<\/ul>\n<p><font style=\"vertical-align: inherit;\"><font style=\"vertical-align: inherit;\">De m\u00eame, <\/font><\/font><b><font style=\"vertical-align: inherit;\"><font style=\"vertical-align: inherit;\">Josep Mirada Cortasa<\/font><\/font><\/b><font style=\"vertical-align: inherit;\"><font style=\"vertical-align: inherit;\"> se r\u00e9serve le droit de supprimer, sans pr\u00e9avis, du site Internet ou du r\u00e9seau social d&rsquo;entreprise tout contenu jug\u00e9 inappropri\u00e9.<\/font><\/font><\/p>\n<div>\n<\/div>\n<h3 style=\"--fontSize: 25; line-height: 1.36;\" \"left\"=\"\" data-fontsize=\"25\" data-lineheight=\"34px\" class=\"fusion-responsive-typography-calculated\"><b><font style=\"vertical-align: inherit;\"><font style=\"vertical-align: inherit;\">8.- PROPRI\u00c9T\u00c9 INTELLECTUELLE ET INDUSTRIELLE<\/font><\/font><\/b><\/h3>\n<p style=\"text-align:\" \"left\"=\"\"><font style=\"vertical-align: inherit;\"><font style=\"vertical-align: inherit;\">Le site Internet, y compris mais sans s&rsquo;y limiter, la programmation, l&rsquo;\u00e9dition, la compilation et autres \u00e9l\u00e9ments n\u00e9cessaires \u00e0 son fonctionnement, les designs, logos, textes, photographies et\/ou graphiques sont la propri\u00e9t\u00e9 du pr\u00eateur ou, le cas \u00e9ch\u00e9ant, dispose de la licence ou autorisation expresse de les auteurs. <\/font><font style=\"vertical-align: inherit;\">Tous les contenus du site Web sont d\u00fbment prot\u00e9g\u00e9s par la r\u00e9glementation en mati\u00e8re de propri\u00e9t\u00e9 intellectuelle et industrielle.<\/font><\/font><\/p>\n<p style=\"text-align:\" \"left\"=\"\"><font style=\"vertical-align: inherit;\"><font style=\"vertical-align: inherit;\">Quelle que soit la finalit\u00e9 pour laquelle ils sont destin\u00e9s, la reproduction totale ou partielle, l&rsquo;utilisation, la distribution et la communication publique n\u00e9cessitent l&rsquo;autorisation \u00e9crite pr\u00e9alable du pr\u00eateur. <\/font><font style=\"vertical-align: inherit;\">Toute utilisation non pr\u00e9alablement autoris\u00e9e par le pr\u00eateur sera consid\u00e9r\u00e9e comme une atteinte grave aux droits de propri\u00e9t\u00e9 intellectuelle ou industrielle de l&rsquo;auteur.<\/font><\/font><\/p>\n<p style=\"text-align:\" \"left\"=\"\"><font style=\"vertical-align: inherit;\"><font style=\"vertical-align: inherit;\">Les dessins, logos, textes et\/ou graphiques qui ne sont pas li\u00e9s au pr\u00eateur et qui peuvent appara\u00eetre sur le site appartiennent \u00e0 leurs propri\u00e9taires respectifs, qui sont responsables de toute \u00e9ventuelle controverse qui pourrait survenir \u00e0 leur sujet. <\/font><font style=\"vertical-align: inherit;\">Dans tous les cas, le pr\u00eateur dispose de leur autorisation expresse et pr\u00e9alable.<\/font><\/font><\/p>\n<p style=\"text-align:\" \"left\"=\"\"><font style=\"vertical-align: inherit;\"><font style=\"vertical-align: inherit;\">Le pr\u00eateur reconna\u00eet en faveur de ses propri\u00e9taires les droits de propri\u00e9t\u00e9 industrielle et intellectuelle correspondants, n&rsquo;impliquant pas la mention ou l&rsquo;apparition sur le site Internet, de l&rsquo;existence de droits ou d&rsquo;une quelconque responsabilit\u00e9 du pr\u00eateur sur ceux-ci, ni le soutien, le parrainage ou la recommandation de sa part. .<\/font><\/font><\/p>\n<p style=\"text-align:\" \"left\"=\"\"><font style=\"vertical-align: inherit;\"><font style=\"vertical-align: inherit;\">Pour faire tout type d&rsquo;observation concernant d&rsquo;\u00e9ventuelles violations des droits de propri\u00e9t\u00e9 intellectuelle ou industrielle, ainsi que sur tout contenu du site Web, vous pouvez le faire via l&rsquo;e-mail indiqu\u00e9 ci-dessus.<\/font><\/font><\/p>\n<p><\/a><\/p>\n<p><a href=\"\/<u>es\/LINK-politica-de-privadesa<\/u>\/\u00bb>Pol\u00edtica de Privadesa.<\/a><\/p>\n<\/div>\n<div>\n<h3 style= text-align: ?v=86705f2ce7e9\" left\"=\"\"><\/a><\/p>\n<\/div>\n<p><a href=\"\/<u>es\/LINK-politica-de-privadesa<\/u>\/\u00bb>Pol\u00edtica de Privadesa.<\/a><\/p>\n<\/div>\n<div>\n<h3 style= text-align: ?v=86705f2ce7e9\" left\"=\"\">\n<\/a><\/p>\n<div><a href=\"\/<u>es\/LINK-politica-de-privadesa<\/u>\/\u00bb>Pol\u00edtica de Privadesa.<\/a><\/p>\n<\/div>\n<div>\n<h3 style= text-align: ?v=86705f2ce7e9\" left\"=\"\">\n<h3 style=\"--fontSize: 25; line-height: 1.36;\" \"left\"=\"\" data-fontsize=\"25\" data-lineheight=\"34px\" class=\"fusion-responsive-typography-calculated\"><b><font style=\"vertical-align: inherit;\"><font style=\"vertical-align: inherit;\">9.- LOI APPLICABLE ET JURIDICTION<\/font><\/font><\/b><\/h3>\n<p style=\"text-align:\" \"left\"=\"\"><font style=\"vertical-align: inherit;\"><font style=\"vertical-align: inherit;\">Pour la r\u00e9solution des controverses ou des probl\u00e8mes li\u00e9s \u00e0 ce site Web ou aux activit\u00e9s qui y sont r\u00e9alis\u00e9es, la l\u00e9gislation espagnole s\u2019appliquera, \u00e0 laquelle les parties se soumettent express\u00e9ment, \u00e9tant comp\u00e9tentes pour la r\u00e9solution de tous les conflits d\u00e9riv\u00e9s ou li\u00e9s. Avec son recours aux Cours et Tribunaux de L\u00e9rida.<\/font><\/font><\/p>\n<p><\/a><\/div>\n<p><a href=\"\/<u>es\/LINK-politica-de-privadesa<\/u>\/\u00bb>Pol\u00edtica de Privadesa.<\/a><\/p>\n<\/div>\n<div>\n<h3 style= text-align: ?v=86705f2ce7e9\" left\"=\"\">\n<\/a><\/p>\n<p><a href=\"\/<u>es\/LINK-politica-de-privadesa<\/u>\/\u00bb>Pol\u00edtica de Privadesa.<\/a><\/p>\n<\/div>\n<div>\n<h3 style= text-align: ?v=86705f2ce7e9\" left\"=\"\"><\/a><\/p>\n<\/div>\n<\/div><\/div><\/div><\/div><\/div>\n","protected":false},"excerpt":{"rendered":"","protected":false},"author":1,"featured_media":0,"parent":0,"menu_order":0,"comment_status":"closed","ping_status":"closed","template":"","meta":{"footnotes":""},"class_list":["post-3285","page","type-page","status-publish","hentry"],"yoast_head":"<!-- This site is optimized with the Yoast SEO plugin v24.7 - https:\/\/yoast.com\/wordpress\/plugins\/seo\/ -->\n<title>Av\u00eds Legal - Casa Ros<\/title>\n<meta name=\"robots\" content=\"index, follow, max-snippet:-1, max-image-preview:large, max-video-preview:-1\" \/>\n<link rel=\"canonical\" href=\"https:\/\/www.casaros.es\/avis-legal\/\" \/>\n<meta property=\"og:locale\" content=\"fr_FR\" \/>\n<meta property=\"og:type\" content=\"article\" \/>\n<meta property=\"og:title\" content=\"Av\u00eds Legal - Casa Ros\" \/>\n<meta property=\"og:url\" content=\"https:\/\/www.casaros.es\/avis-legal\/\" \/>\n<meta property=\"og:site_name\" content=\"Casa Ros\" \/>\n<meta property=\"article:modified_time\" content=\"2024-02-23T10:36:44+00:00\" \/>\n<meta name=\"twitter:card\" content=\"summary_large_image\" \/>\n<meta name=\"twitter:label1\" content=\"Dur\u00e9e de lecture estim\u00e9e\" \/>\n\t<meta name=\"twitter:data1\" content=\"10 minutes\" \/>\n<script type=\"application\/ld+json\" class=\"yoast-schema-graph\">{\"@context\":\"https:\/\/schema.org\",\"@graph\":[{\"@type\":\"WebPage\",\"@id\":\"https:\/\/www.casaros.es\/avis-legal\/\",\"url\":\"https:\/\/www.casaros.es\/avis-legal\/\",\"name\":\"Av\u00eds Legal - Casa Ros\",\"isPartOf\":{\"@id\":\"https:\/\/www.casaros.es\/es\/#website\"},\"datePublished\":\"2024-02-09T10:52:12+00:00\",\"dateModified\":\"2024-02-23T10:36:44+00:00\",\"breadcrumb\":{\"@id\":\"https:\/\/www.casaros.es\/avis-legal\/#breadcrumb\"},\"inLanguage\":\"fr-FR\",\"potentialAction\":[{\"@type\":\"ReadAction\",\"target\":[\"https:\/\/www.casaros.es\/avis-legal\/\"]}]},{\"@type\":\"BreadcrumbList\",\"@id\":\"https:\/\/www.casaros.es\/avis-legal\/#breadcrumb\",\"itemListElement\":[{\"@type\":\"ListItem\",\"position\":1,\"name\":\"Inici\",\"item\":\"https:\/\/www.casaros.es\/fr\/\"},{\"@type\":\"ListItem\",\"position\":2,\"name\":\"Av\u00eds Legal\"}]},{\"@type\":\"WebSite\",\"@id\":\"https:\/\/www.casaros.es\/es\/#website\",\"url\":\"https:\/\/www.casaros.es\/es\/\",\"name\":\"Casa Ros\",\"description\":\"Fruits Secs\",\"potentialAction\":[{\"@type\":\"SearchAction\",\"target\":{\"@type\":\"EntryPoint\",\"urlTemplate\":\"https:\/\/www.casaros.es\/es\/?s={search_term_string}\"},\"query-input\":{\"@type\":\"PropertyValueSpecification\",\"valueRequired\":true,\"valueName\":\"search_term_string\"}}],\"inLanguage\":\"fr-FR\"}]}<\/script>\n<!-- \/ Yoast SEO plugin. -->","yoast_head_json":{"title":"Av\u00eds Legal - Casa Ros","robots":{"index":"index","follow":"follow","max-snippet":"max-snippet:-1","max-image-preview":"max-image-preview:large","max-video-preview":"max-video-preview:-1"},"canonical":"https:\/\/www.casaros.es\/avis-legal\/","og_locale":"fr_FR","og_type":"article","og_title":"Av\u00eds Legal - Casa Ros","og_url":"https:\/\/www.casaros.es\/avis-legal\/","og_site_name":"Casa Ros","article_modified_time":"2024-02-23T10:36:44+00:00","twitter_card":"summary_large_image","twitter_misc":{"Dur\u00e9e de lecture estim\u00e9e":"10 minutes"},"schema":{"@context":"https:\/\/schema.org","@graph":[{"@type":"WebPage","@id":"https:\/\/www.casaros.es\/avis-legal\/","url":"https:\/\/www.casaros.es\/avis-legal\/","name":"Av\u00eds Legal - Casa Ros","isPartOf":{"@id":"https:\/\/www.casaros.es\/es\/#website"},"datePublished":"2024-02-09T10:52:12+00:00","dateModified":"2024-02-23T10:36:44+00:00","breadcrumb":{"@id":"https:\/\/www.casaros.es\/avis-legal\/#breadcrumb"},"inLanguage":"fr-FR","potentialAction":[{"@type":"ReadAction","target":["https:\/\/www.casaros.es\/avis-legal\/"]}]},{"@type":"BreadcrumbList","@id":"https:\/\/www.casaros.es\/avis-legal\/#breadcrumb","itemListElement":[{"@type":"ListItem","position":1,"name":"Inici","item":"https:\/\/www.casaros.es\/fr\/"},{"@type":"ListItem","position":2,"name":"Av\u00eds Legal"}]},{"@type":"WebSite","@id":"https:\/\/www.casaros.es\/es\/#website","url":"https:\/\/www.casaros.es\/es\/","name":"Casa Ros","description":"Fruits Secs","potentialAction":[{"@type":"SearchAction","target":{"@type":"EntryPoint","urlTemplate":"https:\/\/www.casaros.es\/es\/?s={search_term_string}"},"query-input":{"@type":"PropertyValueSpecification","valueRequired":true,"valueName":"search_term_string"}}],"inLanguage":"fr-FR"}]}},"_links":{"self":[{"href":"https:\/\/www.casaros.es\/fr\/wp-json\/wp\/v2\/pages\/3285","targetHints":{"allow":["GET"]}}],"collection":[{"href":"https:\/\/www.casaros.es\/fr\/wp-json\/wp\/v2\/pages"}],"about":[{"href":"https:\/\/www.casaros.es\/fr\/wp-json\/wp\/v2\/types\/page"}],"author":[{"embeddable":true,"href":"https:\/\/www.casaros.es\/fr\/wp-json\/wp\/v2\/users\/1"}],"replies":[{"embeddable":true,"href":"https:\/\/www.casaros.es\/fr\/wp-json\/wp\/v2\/comments?post=3285"}],"version-history":[{"count":2,"href":"https:\/\/www.casaros.es\/fr\/wp-json\/wp\/v2\/pages\/3285\/revisions"}],"predecessor-version":[{"id":3289,"href":"https:\/\/www.casaros.es\/fr\/wp-json\/wp\/v2\/pages\/3285\/revisions\/3289"}],"wp:attachment":[{"href":"https:\/\/www.casaros.es\/fr\/wp-json\/wp\/v2\/media?parent=3285"}],"curies":[{"name":"wp","href":"https:\/\/api.w.org\/{rel}","templated":true}]}}